{"id":413,"date":"2014-07-27T17:02:20","date_gmt":"2014-07-27T17:02:20","guid":{"rendered":"http:\/\/www.meister-der-mandoline.de\/?page_id=413"},"modified":"2023-03-28T11:11:22","modified_gmt":"2023-03-28T09:11:22","slug":"test-abc","status":"publish","type":"page","link":"https:\/\/www.meister-der-mandoline.de\/?page_id=413","title":{"rendered":"Ensembles"},"content":{"rendered":"\n<h1 class=\"wp-block-heading\"><em>Zusammenspiel in<\/em><br><em> verschiedenen Ensembles<\/em><\/h1>\n\n\n\n<p><\/p>\n\n\n\n\t<div class=\"slideshow_container slideshow_container_style-light\" data-slideshow-id=\"475\" data-style-name=\"style-light\" data-style-version=\"2.6.0\">\n\t\t<div class=\"slideshow_loading_icon\"><\/div>\n\t\t<div class=\"slideshow_content\">\n\t\t\t<div class=\"slideshow_view\">\n\t\t\t\t<div class=\"slideshow_slide slideshow_slide_image\">\n\t\t\t\t\t\t\t\t\t\t\t<img loading=\"lazy\" decoding=\"async\" src=\"https:\/\/www.meister-der-mandoline.de\/wp-content\/uploads\/2014\/08\/wuc-pes2-korr.jpg\" alt=\"Klaus Wuckelt und C.M. Pesch\" width=\"595\" height=\"396\" \/>\n\t\t\t\t\t\t\t\t\t\t<div class=\"slideshow_description_box slideshow_transparent\">\n\t\t\t\t\t\t\t\t\t\t\t\t<div class=\"slideshow_title\">Klaus Wuckelt und C.M. Pesch<\/div>\n\t\t\t\t\t\t\t\t\t\t\t\t\t\t\t\t\t<\/div>\n\t\t\t\t<\/div>\n\n\t\t\t\t\t\t\t\t\t<\/div>\n\t\t\t<div class=\"slideshow_view\">\n\t\t\t\t<div class=\"slideshow_slide slideshow_slide_image\">\n\t\t\t\t\t\t\t\t\t\t\t<img loading=\"lazy\" decoding=\"async\" src=\"https:\/\/www.meister-der-mandoline.de\/wp-content\/uploads\/2018\/08\/wuc-bred.jpg\" alt=\"Eva Maria Bredl und Klaus Wuckelt\" width=\"595\" height=\"396\" \/>\n\t\t\t\t\t\t\t\t\t\t<div class=\"slideshow_description_box slideshow_transparent\">\n\t\t\t\t\t\t\t\t\t\t\t\t<div class=\"slideshow_title\">Eva Maria Bredl und Klaus Wuckelt<\/div>\n\t\t\t\t\t\t\t\t\t\t\t\t\t\t\t\t\t<\/div>\n\t\t\t\t<\/div>\n\n\t\t\t\t\t\t\t\t\t<\/div>\n\t\t\t<div class=\"slideshow_view\">\n\t\t\t\t<div class=\"slideshow_slide slideshow_slide_image\">\n\t\t\t\t\t\t\t\t\t\t\t<img loading=\"lazy\" decoding=\"async\" src=\"https:\/\/www.meister-der-mandoline.de\/wp-content\/uploads\/2014\/07\/wzo1.jpg\" alt=\"W\u00fcrttembergisches Zupforchester\" width=\"595\" height=\"396\" \/>\n\t\t\t\t\t\t\t\t\t\t<div class=\"slideshow_description_box slideshow_transparent\">\n\t\t\t\t\t\t\t\t\t\t\t\t<div class=\"slideshow_title\">W\u00fcrttembergisches Zupforchester<\/div>\n\t\t\t\t\t\t\t\t\t\t\t\t\t\t\t\t\t<\/div>\n\t\t\t\t<\/div>\n\n\t\t\t\t\t\t\t\t\t<\/div>\n\t\t\t<div class=\"slideshow_view\">\n\t\t\t\t<div class=\"slideshow_slide slideshow_slide_image\">\n\t\t\t\t\t\t\t\t\t\t\t<img loading=\"lazy\" decoding=\"async\" src=\"https:\/\/www.meister-der-mandoline.de\/wp-content\/uploads\/2014\/08\/kwtrio-2014.jpg\" alt=\"Klaus Wuckelt Trio\" width=\"595\" height=\"396\" \/>\n\t\t\t\t\t\t\t\t\t\t<div class=\"slideshow_description_box slideshow_transparent\">\n\t\t\t\t\t\t\t\t\t\t\t\t<div class=\"slideshow_title\">Klaus Wuckelt Trio<\/div>\n\t\t\t\t\t\t\t\t\t\t\t\t\t\t\t\t\t<\/div>\n\t\t\t\t<\/div>\n\n\t\t\t\t\t\t\t\t\t<\/div>\n\t\t<\/div>\n\t\t<div class=\"slideshow_controlPanel slideshow_transparent\"><ul><li class=\"slideshow_togglePlay\" data-play-text=\"Play\" data-pause-text=\"Pause\"><\/li><\/ul><\/div>\n\t\t<div class=\"slideshow_button slideshow_previous slideshow_transparent\" role=\"button\" data-previous-text=\"Previous\"><\/div>\n\t\t<div class=\"slideshow_button slideshow_next slideshow_transparent\" role=\"button\" data-next-text=\"Next\"><\/div>\n\t\t<div class=\"slideshow_pagination\" data-go-to-text=\"Go to slide\"><div class=\"slideshow_pagination_center\"><\/div><\/div>\n\t<\/div>\n\n\n\n\n<p><\/p>\n\n\n\n<p>Das gemeinsame Wirken mit Musikern innerhalb verschiedener Ensembles ist seit vielen Jahren ein pr\u00e4gender Bestandteil der Arbeit von Klaus Wuckelt, beispielsweise in folgenden Besetzungen:<\/p>\n\n\n\n<hr class=\"wp-block-separator has-alpha-channel-opacity is-style-wide\"\/>\n\n\n\n<p><strong>Klaus Wuckelt und Christoph Michael Pesch<\/strong><\/p>\n\n\n\n<p>Aus einer Zusammenarbeit mit Christoph Michael Pesch, Meister des Zupfinstrumentenbaus, gingen zun\u00e4chst die Mooreichen-Mandoline und die K\u00f6nigslyra f\u00fcr Klaus Wuckelt hervor. Mit dieser Begegnung entwickelte sich dar\u00fcber hinaus aber noch viel mehr: Eine ganz besondere freundschaftliche und musikalische Verbindung ist entstanden.<\/p>\n\n\n\n<hr class=\"wp-block-separator has-alpha-channel-opacity is-style-wide\"\/>\n\n\n\n<p><strong>Klaus Wuckelt, Lyra und Eva Maria Bredl, Harfe<br><\/strong><\/p>\n\n\n\n<p>Spielen klassische und romantische Kompositionen bei gemeinsamen Auftritten, bereits seit \u00fcber 25 Jahren.<\/p>\n\n\n\n<hr class=\"wp-block-separator has-alpha-channel-opacity is-style-wide\"\/>\n\n\n\n<p><strong>W\u00fcrttembergisches Zupforchester<\/strong><\/p>\n\n\n\n<p>Das W\u00fcrttembergische Zupforchester wurde 1973 vom Landesbezirk W\u00fcrttemberg als Landesorchester des \u201eBundes Deutscher Zupfmusiker\u201c gegr\u00fcndet, Klaus Wuckelt ist seit dieser Gr\u00fcndung als Konzertmeister und Solist des Orchesters t\u00e4tig.<\/p>\n\n\n\n<hr class=\"wp-block-separator has-alpha-channel-opacity is-style-wide\"\/>\n\n\n\n<p><strong>Klaus Wuckelt Trio<\/strong><\/p>\n\n\n\n<p>Klaus Wuckelt (<em>Mandoline)<\/em>,&nbsp; Didi Gaugele (<em>Gitarre),<\/em> Menner May<em> (Kontrabass)<\/em>: Das Trio ist bekannt f\u00fcr seine klassisch-volkst\u00fcmlichen Weisen, die es auf leichte Art seit \u00fcber 40 Jahren darbietet.<\/p>\n","protected":false},"excerpt":{"rendered":"<p>Zusammenspiel in verschiedenen Ensembles Das gemeinsame Wirken mit Musikern innerhalb verschiedener Ensembles ist seit vielen Jahren ein pr\u00e4gender Bestandteil der Arbeit von Klaus Wuckelt, beispielsweise in folgenden Besetzungen: Klaus Wuckelt und Christoph Michael Pesch Aus einer Zusammenarbeit mit Christoph Michael Pesch, Meister des Zupfinstrumentenbaus, gingen zun\u00e4chst die Mooreichen-Mandoline und die K\u00f6nigslyra f\u00fcr Klaus Wuckelt hervor. &hellip; <a href=\"https:\/\/www.meister-der-mandoline.de\/?page_id=413\" class=\"more-link\"><span class=\"screen-reader-text\">Ensembles<\/span> weiterlesen <span class=\"meta-nav\">&rarr;<\/span><\/a><\/p>\n","protected":false},"author":3,"featured_media":0,"parent":12,"menu_order":0,"comment_status":"closed","ping_status":"closed","template":"","meta":{"footnotes":""},"class_list":["post-413","page","type-page","status-publish","hentry"],"_links":{"self":[{"href":"https:\/\/www.meister-der-mandoline.de\/index.php?rest_route=\/wp\/v2\/pages\/413","targetHints":{"allow":["GET"]}}],"collection":[{"href":"https:\/\/www.meister-der-mandoline.de\/index.php?rest_route=\/wp\/v2\/pages"}],"about":[{"href":"https:\/\/www.meister-der-mandoline.de\/index.php?rest_route=\/wp\/v2\/types\/page"}],"author":[{"embeddable":true,"href":"https:\/\/www.meister-der-mandoline.de\/index.php?rest_route=\/wp\/v2\/users\/3"}],"replies":[{"embeddable":true,"href":"https:\/\/www.meister-der-mandoline.de\/index.php?rest_route=%2Fwp%2Fv2%2Fcomments&post=413"}],"version-history":[{"count":36,"href":"https:\/\/www.meister-der-mandoline.de\/index.php?rest_route=\/wp\/v2\/pages\/413\/revisions"}],"predecessor-version":[{"id":959,"href":"https:\/\/www.meister-der-mandoline.de\/index.php?rest_route=\/wp\/v2\/pages\/413\/revisions\/959"}],"up":[{"embeddable":true,"href":"https:\/\/www.meister-der-mandoline.de\/index.php?rest_route=\/wp\/v2\/pages\/12"}],"wp:attachment":[{"href":"https:\/\/www.meister-der-mandoline.de\/index.php?rest_route=%2Fwp%2Fv2%2Fmedia&parent=413"}],"curies":[{"name":"wp","href":"https:\/\/api.w.org\/{rel}","templated":true}]}}